{"id":681,"date":"2016-08-19T09:26:24","date_gmt":"2016-08-19T09:26:24","guid":{"rendered":"https:\/\/santaanaalcoiweb.wordpress.com\/?page_id=681"},"modified":"2025-09-10T18:11:25","modified_gmt":"2025-09-10T16:11:25","slug":"cde-santa-ana","status":"publish","type":"page","link":"https:\/\/www.santaanaalcoi.es\/?page_id=681","title":{"rendered":"CDE SANTA ANA"},"content":{"rendered":"<p style=\"text-align: justify;\">Bienvenidos al Club Deportivo Escolar Santa Ana. Abajo encontrar\u00e9is enlaces a los documentos m\u00e1s interesantes sobre la organizaci\u00f3n interna y sobre nuestras actividades:<\/p>\n<ul>\n<li style=\"text-align: justify;\"><a href=\"https:\/\/santaanaalcoi.es\/wp-content\/uploads\/2016\/08\/junta-directiva-club-deportivo.pdf\" target=\"_blank\" rel=\"noopener\">Organigrama Interno<\/a><\/li>\n<li style=\"text-align: justify;\"><a href=\"https:\/\/www.facebook.com\/clubdeportivoescolarsantaana\/\" target=\"_blank\" rel=\"noopener\">Nuestra P\u00e1gina de Facebook<\/a><\/li>\n<li><a href=\"https:\/\/www.santaanaalcoi.es\/wp-content\/uploads\/2025\/09\/HORARIOS-CDE-SANTA-ANA-2025-2026.pdf\">Propuesta Extraescolares Curso 2025-26<\/a><\/li>\n<li><a href=\"https:\/\/docs.google.com\/forms\/d\/e\/1FAIpQLSdzVpan9eH_toC8dsdIBXM93e5JG5cEiN4dg9D4_PeXlqiEfQ\/viewform\">Preinscripci\u00f3n on-line<\/a><\/li>\n<\/ul>\n","protected":false},"excerpt":{"rendered":"<p>Bienvenidos al Club Deportivo Escolar Santa Ana. Abajo encontrar\u00e9is enlaces a los documentos m\u00e1s interesantes sobre la organizaci\u00f3n interna y sobre nuestras actividades: Organigrama Interno Nuestra P\u00e1gina de Facebook Propuesta Extraescolares Curso 2025-26 Preinscripci\u00f3n on-line<\/p>\n","protected":false},"author":3,"featured_media":1745,"parent":0,"menu_order":0,"comment_status":"closed","ping_status":"closed","template":"","meta":{"footnotes":""},"class_list":["post-681","page","type-page","status-publish","has-post-thumbnail","hentry"],"jetpack_sharing_enabled":false,"_links":{"self":[{"href":"https:\/\/www.santaanaalcoi.es\/index.php?rest_route=\/wp\/v2\/pages\/681","targetHints":{"allow":["GET"]}}],"collection":[{"href":"https:\/\/www.santaanaalcoi.es\/index.php?rest_route=\/wp\/v2\/pages"}],"about":[{"href":"https:\/\/www.santaanaalcoi.es\/index.php?rest_route=\/wp\/v2\/types\/page"}],"author":[{"embeddable":true,"href":"https:\/\/www.santaanaalcoi.es\/index.php?rest_route=\/wp\/v2\/users\/3"}],"replies":[{"embeddable":true,"href":"https:\/\/www.santaanaalcoi.es\/index.php?rest_route=%2Fwp%2Fv2%2Fcomments&post=681"}],"version-history":[{"count":3,"href":"https:\/\/www.santaanaalcoi.es\/index.php?rest_route=\/wp\/v2\/pages\/681\/revisions"}],"predecessor-version":[{"id":4715,"href":"https:\/\/www.santaanaalcoi.es\/index.php?rest_route=\/wp\/v2\/pages\/681\/revisions\/4715"}],"wp:featuredmedia":[{"embeddable":true,"href":"https:\/\/www.santaanaalcoi.es\/index.php?rest_route=\/wp\/v2\/media\/1745"}],"wp:attachment":[{"href":"https:\/\/www.santaanaalcoi.es\/index.php?rest_route=%2Fwp%2Fv2%2Fmedia&parent=681"}],"curies":[{"name":"wp","href":"https:\/\/api.w.org\/{rel}","templated":true}]}}