{"id":59,"date":"2016-06-23T10:53:27","date_gmt":"2016-06-23T10:53:27","guid":{"rendered":"https:\/\/santaanaalcoiweb.wordpress.com\/?page_id=59"},"modified":"2025-09-03T14:28:31","modified_gmt":"2025-09-03T12:28:31","slug":"comedor","status":"publish","type":"page","link":"https:\/\/www.santaanaalcoi.es\/?page_id=59","title":{"rendered":"COMEDOR"},"content":{"rendered":"<div class=\"az-element az-row ax-row \">\n<div class=\"az-element az-ctnr az-column  ax-col-sm-12\">\n<div class=\"az-element az-text \">\n<p style=\"text-align: justify;\">Llevamos a la mesa de los m\u00e1s peque\u00f1os una cocina casera (con cocina propia), tradicional, mediterr\u00e1nea, saludable y equilibrada, adecuada a cada etapa de crecimiento. Tenemos el placer de ver comer diariamente a muchos\u00a0ni\u00f1os y ni\u00f1as, y aprovechamos este momento para ense\u00f1arles a crecer sanos y fuertes.<\/p>\n<p style=\"text-align: justify;\">Todos nuestros men\u00fas garantizan su valor nutricional y utilizan las mejores materias primas y primeras marcas para ofrecer la mejor calidad de los ni\u00f1os.<\/p>\n<\/div>\n<\/div>\n<\/div>\n<div class=\"az-element az-row ax-row \">\n<div class=\"az-element az-ctnr az-column  ax-col-sm-12\">\n<div class=\"az-element az-text \">\n<h2 style=\"text-align: justify;\">ADAPTACI\u00d3N DE MEN\u00daS<\/h2>\n<div class=\"az-element az-row ax-row \" style=\"text-align: justify;\">\n<div class=\"az-element az-ctnr az-column  ax-col-sm-12\">\n<div class=\"az-element az-text \">\n<p>Cada ni\u00f1o es diferente y hay quienes precisan de una dieta especial. Elaboramos <strong>m\u00e1s de 30\u00a0<\/strong><strong>adaptaciones<\/strong> de nuestros men\u00fas, dando respuesta a estas necesidades espec\u00edficas.<\/p>\n<p>Intolerancias, alergias&#8230; cada men\u00fa especial est\u00e1 cuidadosamente elaborado e identificado para garantizar la seguridad alimentaria de los peque\u00f1os.<\/p>\n<\/div>\n<\/div>\n<\/div>\n<div class=\"az-element az-row ax-row \" style=\"text-align: justify;\">\n<div class=\"az-element az-ctnr az-column  ax-col-sm-12\">\n<div class=\"az-element az-text \">\n<h2>APOSTAMOS POR PRIMERAS MARCAS<\/h2>\n<\/div>\n<\/div>\n<\/div>\n<div class=\"az-element az-row ax-row \">\n<div class=\"az-element az-ctnr az-column  ax-col-sm-12\">\n<div class=\"az-element az-text \">\n<p style=\"text-align: justify;\">Contar con las marcas y los proveedores <strong>l\u00edderes del mercado<\/strong> nos permite mantener nuestra promesa de calidad, tanto de producto como de servicio. Contamos con las mejores referencias del mercado y los m\u00e1s prestigiosos proveedores, a quienes se les somete\u00a0a importantes controles de calidad y seguridad alimentaria para asegurar las m\u00e1ximas garant\u00edas de trazabilidad.<\/p>\n<p>Accede al men\u00fa mensual a trav\u00e9s de este link (<a href=\"https:\/\/www.santaanaalcoi.es\/?page_id=164\">MEN\u00da MENSUAL<\/a>).<\/p>\n<\/div>\n<\/div>\n<\/div>\n<\/div>\n<\/div>\n<\/div>\n\n\n<p><\/p>\n\n\n\n<p><span class=\"uppercase\"><strong>APP ColeChef<\/strong> <\/span><\/p>\n\n\n<div class=\"wp-block-image\">\n<figure class=\"alignright size-large is-resized\"><img loading=\"lazy\" decoding=\"async\" width=\"474\" height=\"474\" src=\"https:\/\/santaanaalcoiweb.wordpress.com\/wp-content\/uploads\/2023\/02\/colechef.jpg?w=474\" alt=\"\" class=\"wp-image-2662\" style=\"width:206px;height:206px\" srcset=\"https:\/\/www.santaanaalcoi.es\/wp-content\/uploads\/2023\/02\/colechef.jpg 474w, https:\/\/www.santaanaalcoi.es\/wp-content\/uploads\/2023\/02\/colechef-300x300.jpg 300w, https:\/\/www.santaanaalcoi.es\/wp-content\/uploads\/2023\/02\/colechef-150x150.jpg 150w\" sizes=\"auto, (max-width: 474px) 100vw, 474px\" \/><\/figure>\n<\/div>\n\n\n<p>Nuestra nueva&nbsp;<strong>APP ColeChef<\/strong>&nbsp;supone un nuevo y amplio canal de comunicaci\u00f3n 24h con acceso desde cualquier lugar a trav\u00e9s de dispositivos m\u00f3viles. Se pone a disposici\u00f3n de las familias para facilitar toda la informaci\u00f3n diaria y personalizada de sus hijos en el comedor:<\/p>\n\n\n\n<ul class=\"wp-block-list\">\n<li>Los men\u00fas que se sirven diariamente y el men\u00fa mensual, con la informaci\u00f3n nutricional presentada de manera clara y detallada.<\/li>\n\n\n\n<li>Los men\u00fas adaptados a las diferentes alergias e intolerancias alimentarias, en el caso de ni\u00f1os y ni\u00f1as que necesiten alguna dieta especial.<\/li>\n\n\n\n<li>Recomendaciones para las cenas en funci\u00f3n de lo que han comido los alumnos, con sugerencias de recetas equilibradas elaboradas por nuestro Departamento de Nutrici\u00f3n.<\/li>\n\n\n\n<li>Recomendaciones de desayunos y meriendas saludables.<\/li>\n\n\n\n<li>Las actividades realizadas por nuestro equipo de monitoraje en el comedor y el patio.<\/li>\n<\/ul>\n\n\n\n<p>Nuestra APP est\u00e1 disponible en Android e iOS. Para encontrarla,&nbsp;busque&nbsp;\u201cColeChef\u201d en Google Play o Apple Store.<\/p>\n\n\n\n<p>M\u00e1s informaci\u00f3n en la web:&nbsp;<a rel=\"noreferrer noopener\" href=\"https:\/\/colechef.com\/\" target=\"_blank\">https:\/\/colechef.com\/<\/a><\/p>\n","protected":false},"excerpt":{"rendered":"<p>Llevamos a la mesa de los m\u00e1s peque\u00f1os una cocina casera (con cocina propia), tradicional, mediterr\u00e1nea, saludable y equilibrada, adecuada a cada etapa de crecimiento. Tenemos el placer de ver comer diariamente a muchos\u00a0ni\u00f1os y ni\u00f1as, y aprovechamos este momento para ense\u00f1arles a crecer sanos y fuertes. Todos nuestros men\u00fas garantizan su valor nutricional y&#8230; <\/p>\n<div class=\"link-more\"><a href=\"https:\/\/www.santaanaalcoi.es\/?page_id=59\">Lea m\u00e1s<\/a><\/div>\n","protected":false},"author":3,"featured_media":2729,"parent":0,"menu_order":0,"comment_status":"closed","ping_status":"closed","template":"","meta":{"footnotes":""},"class_list":["post-59","page","type-page","status-publish","has-post-thumbnail","hentry"],"jetpack_sharing_enabled":false,"_links":{"self":[{"href":"https:\/\/www.santaanaalcoi.es\/index.php?rest_route=\/wp\/v2\/pages\/59","targetHints":{"allow":["GET"]}}],"collection":[{"href":"https:\/\/www.santaanaalcoi.es\/index.php?rest_route=\/wp\/v2\/pages"}],"about":[{"href":"https:\/\/www.santaanaalcoi.es\/index.php?rest_route=\/wp\/v2\/types\/page"}],"author":[{"embeddable":true,"href":"https:\/\/www.santaanaalcoi.es\/index.php?rest_route=\/wp\/v2\/users\/3"}],"replies":[{"embeddable":true,"href":"https:\/\/www.santaanaalcoi.es\/index.php?rest_route=%2Fwp%2Fv2%2Fcomments&post=59"}],"version-history":[{"count":1,"href":"https:\/\/www.santaanaalcoi.es\/index.php?rest_route=\/wp\/v2\/pages\/59\/revisions"}],"predecessor-version":[{"id":4643,"href":"https:\/\/www.santaanaalcoi.es\/index.php?rest_route=\/wp\/v2\/pages\/59\/revisions\/4643"}],"wp:featuredmedia":[{"embeddable":true,"href":"https:\/\/www.santaanaalcoi.es\/index.php?rest_route=\/wp\/v2\/media\/2729"}],"wp:attachment":[{"href":"https:\/\/www.santaanaalcoi.es\/index.php?rest_route=%2Fwp%2Fv2%2Fmedia&parent=59"}],"curies":[{"name":"wp","href":"https:\/\/api.w.org\/{rel}","templated":true}]}}