{"id":1994,"date":"2018-09-18T15:36:46","date_gmt":"2018-09-18T15:36:46","guid":{"rendered":"https:\/\/santaanaalcoiweb.wordpress.com\/?page_id=1994"},"modified":"2025-07-18T13:04:13","modified_gmt":"2025-07-18T11:04:13","slug":"carmen-bernabeu","status":"publish","type":"page","link":"https:\/\/www.santaanaalcoi.es\/?page_id=1994","title":{"rendered":"Arianne L\u00f3pez Cremades"},"content":{"rendered":"\n<p><strong>Grado en Educaci\u00f3n Infantil y T\u00e9cnico Superior en Educaci\u00f3n<br>Infantil. Capacitaci\u00f3 per a l\u2019ensenyament en valenci\u00e0.<\/strong><\/p>\n\n\n\n<p><em>Hola me presento, mi nombre es Arianne y formo parte de la familia docente del colegio Santa Ana.<br>Hace muchos a\u00f1os, tal vez desde mi vinculaci\u00f3n a esta profesi\u00f3n gracias a mi madre, eleg\u00ed aprovechar mi vocaci\u00f3n y seguir sus pasos. <\/em><\/p>\n\n\n\n<p><em>Ser maestra de esta etapa de la infancia conlleva una gran responsabilidad que debe ser asumida no solo desde la parte profesional, sino desde el amor.<br>Es todo un placer acudir d\u00eda tras d\u00eda a mi clase, nuestra clase. La de todos aquellos peque\u00f1os y peque\u00f1as que ven en m\u00ed una persona de quien aprender, alguien a quien buscar cuando necesitan ayuda, alguien que les aporte tranquilidad a trav\u00e9s de un abrazo\u2026sin saber que son todos ellos y ellas los que me ofrecen lo mismo de la forma m\u00e1s pura y sincera que existe.<br>Y como dijo Agust\u00edn de Hipona \u201cCuando quieras conocer a una persona no le preguntes por lo que conoce, preg\u00fantale por lo que ama\u201d. Mi respuesta est\u00e1 clara.<\/em><\/p>\n\n\n\n<p><em><br>Nos vemos en Escoleta Santa Ana \ud83d\ude42<\/em><\/p>\n\n\n\n<p><\/p>\n","protected":false},"excerpt":{"rendered":"<p>Grado en Educaci\u00f3n Infantil y T\u00e9cnico Superior en Educaci\u00f3nInfantil. Capacitaci\u00f3 per a l\u2019ensenyament en valenci\u00e0. Hola me presento, mi nombre es Arianne y formo parte de la familia docente del colegio Santa Ana.Hace muchos a\u00f1os, tal vez desde mi vinculaci\u00f3n a esta profesi\u00f3n gracias a mi madre, eleg\u00ed aprovechar mi vocaci\u00f3n y seguir sus pasos&#8230;. <\/p>\n<div class=\"link-more\"><a href=\"https:\/\/www.santaanaalcoi.es\/?page_id=1994\">Lea m\u00e1s<\/a><\/div>\n","protected":false},"author":3,"featured_media":4194,"parent":0,"menu_order":0,"comment_status":"closed","ping_status":"closed","template":"","meta":{"footnotes":""},"class_list":["post-1994","page","type-page","status-publish","has-post-thumbnail","hentry"],"jetpack_sharing_enabled":true,"_links":{"self":[{"href":"https:\/\/www.santaanaalcoi.es\/index.php?rest_route=\/wp\/v2\/pages\/1994","targetHints":{"allow":["GET"]}}],"collection":[{"href":"https:\/\/www.santaanaalcoi.es\/index.php?rest_route=\/wp\/v2\/pages"}],"about":[{"href":"https:\/\/www.santaanaalcoi.es\/index.php?rest_route=\/wp\/v2\/types\/page"}],"author":[{"embeddable":true,"href":"https:\/\/www.santaanaalcoi.es\/index.php?rest_route=\/wp\/v2\/users\/3"}],"replies":[{"embeddable":true,"href":"https:\/\/www.santaanaalcoi.es\/index.php?rest_route=%2Fwp%2Fv2%2Fcomments&post=1994"}],"version-history":[{"count":2,"href":"https:\/\/www.santaanaalcoi.es\/index.php?rest_route=\/wp\/v2\/pages\/1994\/revisions"}],"predecessor-version":[{"id":4564,"href":"https:\/\/www.santaanaalcoi.es\/index.php?rest_route=\/wp\/v2\/pages\/1994\/revisions\/4564"}],"wp:featuredmedia":[{"embeddable":true,"href":"https:\/\/www.santaanaalcoi.es\/index.php?rest_route=\/wp\/v2\/media\/4194"}],"wp:attachment":[{"href":"https:\/\/www.santaanaalcoi.es\/index.php?rest_route=%2Fwp%2Fv2%2Fmedia&parent=1994"}],"curies":[{"name":"wp","href":"https:\/\/api.w.org\/{rel}","templated":true}]}}