{"id":148,"date":"2016-07-11T17:44:40","date_gmt":"2016-07-11T17:44:40","guid":{"rendered":"https:\/\/santaanaalcoiweb.wordpress.com\/?page_id=148"},"modified":"2026-03-05T09:15:36","modified_gmt":"2026-03-05T08:15:36","slug":"matriculacion","status":"publish","type":"page","link":"https:\/\/www.santaanaalcoi.es\/?page_id=148","title":{"rendered":"Admisi\u00f3n curso 26\/27"},"content":{"rendered":"<p class=\"entry-title main_title\" style=\"text-align: justify;\">Calendario de presentaci\u00f3n de solicitudes y documentaci\u00f3n para la matr\u00edcula del curso 2026-27<\/p>\n\n<div class=\"wp-block-image\">\n<figure class=\"aligncenter size-large is-resized\"><img loading=\"lazy\" decoding=\"async\" width=\"410\" height=\"1024\" src=\"https:\/\/www.santaanaalcoi.es\/wp-content\/uploads\/2026\/03\/infografia-fechas-410x1024.jpg\" alt=\"\" class=\"wp-image-4851\" style=\"width:334px;height:auto\" srcset=\"https:\/\/www.santaanaalcoi.es\/wp-content\/uploads\/2026\/03\/infografia-fechas-410x1024.jpg 410w, https:\/\/www.santaanaalcoi.es\/wp-content\/uploads\/2026\/03\/infografia-fechas-120x300.jpg 120w, https:\/\/www.santaanaalcoi.es\/wp-content\/uploads\/2026\/03\/infografia-fechas-768x1920.jpg 768w, https:\/\/www.santaanaalcoi.es\/wp-content\/uploads\/2026\/03\/infografia-fechas.jpg 800w\" sizes=\"auto, (max-width: 410px) 100vw, 410px\" \/><\/figure>\n<\/div>\n\n<p>A continuaci\u00f3n os dejamos un enlace al documento con toda la informaci\u00f3n y criterios de baremaci\u00f3n para el <strong><a href=\"https:\/\/www.santaanaalcoi.es\/wp-content\/uploads\/2026\/03\/INFORMACION-DE-ADMISION-Y-MATRICULA-CURSO-26-27.pdf\">proceso de admisi\u00f3n.<\/a><\/strong><\/p>\n<p>Ante\u00a0 <span style=\"color: var(--color-text);\">cualquier duda pod\u00e9is llamar al 965332228 ext 1.<\/span><\/p>\n\n\n<p><\/p>\n","protected":false},"excerpt":{"rendered":"<p>Calendario de presentaci\u00f3n de solicitudes y documentaci\u00f3n para la matr\u00edcula del curso 2026-27 A continuaci\u00f3n os dejamos un enlace al documento con toda la informaci\u00f3n y criterios de baremaci\u00f3n para el proceso de admisi\u00f3n. Ante\u00a0 cualquier duda pod\u00e9is llamar al 965332228 ext 1.<\/p>\n","protected":false},"author":3,"featured_media":2767,"parent":22,"menu_order":0,"comment_status":"closed","ping_status":"closed","template":"","meta":{"footnotes":""},"class_list":["post-148","page","type-page","status-publish","has-post-thumbnail","hentry"],"jetpack_sharing_enabled":false,"_links":{"self":[{"href":"https:\/\/www.santaanaalcoi.es\/index.php?rest_route=\/wp\/v2\/pages\/148","targetHints":{"allow":["GET"]}}],"collection":[{"href":"https:\/\/www.santaanaalcoi.es\/index.php?rest_route=\/wp\/v2\/pages"}],"about":[{"href":"https:\/\/www.santaanaalcoi.es\/index.php?rest_route=\/wp\/v2\/types\/page"}],"author":[{"embeddable":true,"href":"https:\/\/www.santaanaalcoi.es\/index.php?rest_route=\/wp\/v2\/users\/3"}],"replies":[{"embeddable":true,"href":"https:\/\/www.santaanaalcoi.es\/index.php?rest_route=%2Fwp%2Fv2%2Fcomments&post=148"}],"version-history":[{"count":3,"href":"https:\/\/www.santaanaalcoi.es\/index.php?rest_route=\/wp\/v2\/pages\/148\/revisions"}],"predecessor-version":[{"id":4855,"href":"https:\/\/www.santaanaalcoi.es\/index.php?rest_route=\/wp\/v2\/pages\/148\/revisions\/4855"}],"up":[{"embeddable":true,"href":"https:\/\/www.santaanaalcoi.es\/index.php?rest_route=\/wp\/v2\/pages\/22"}],"wp:featuredmedia":[{"embeddable":true,"href":"https:\/\/www.santaanaalcoi.es\/index.php?rest_route=\/wp\/v2\/media\/2767"}],"wp:attachment":[{"href":"https:\/\/www.santaanaalcoi.es\/index.php?rest_route=%2Fwp%2Fv2%2Fmedia&parent=148"}],"curies":[{"name":"wp","href":"https:\/\/api.w.org\/{rel}","templated":true}]}}